{"page":{"id":84,"pid":77,"title":"Schutz und Leittechnik 2026 (240001)","type":"Standard","meta":{"title":"","subtitle":"","abstract":"","description":"","keywords":"","canonical":"","robots":{"noIndex":false,"noFollow":false},"noIndex":"0","noFollow":"0"},"socialMedia":{"ogTitle":"","ogDescription":"","ogImage":[],"twitterTitle":"","twitterDescription":"","twitterCard":"summary","twitterImage":[]},"resources":{"media":[]},"categories":"","editorial":{"author":"","authorEmail":""},"navigation":{"slug":"\/","navTitle":"","target":"","noSearch":"0"},"breadcrumbs":[{"title":"Schutz und Leittechnik 2026 (240001)","link":"\/","target":"","active":1,"current":1,"spacer":0}],"cache":{"timeout":"","tags":""},"appearance":{"layout":"layout-5","backendLayout":"layout6","backendLayoutNextLevel":"","newUntil":"0"},"l10n":{"languageId":0},"system":{"tstamp":1741086029,"crdate":1732283819,"starttime":0,"endtime":0,"feGroup":"","sorting":64},"brandPage":[],"discountInfo":[],"notificationInfo":[],"hideQuestions":"0"},"content":{"0":{"id":321,"pid":84,"type":"text","colPos":-1,"categories":"","appearance":{"layout":"default","frameClass":"default","spaceBefore":"","spaceAfter":"","frameHide":""},"content":{"header":"Jetzt Partner des Kongress Schutz und Leittechnik werden und gemeinsam mehr erreichen!","subheader":"","headerLayout":100,"headerPosition":"","headerLink":"","bodytext":"<h3>Jetzt Partner des Kongress Schutz und Leittechnik werden und gemeinsam mehr erreichen!<\/h3>\n<p><a href=\"\/der-kongress\/medienpartner-werden\" class=\"btn btn btn-primary-inverted\">Zur Partnerseite<\/a><\/p>"}},"1":{"id":304,"pid":84,"type":"text","colPos":-1,"categories":"","appearance":{"layout":"default","frameClass":"default","spaceBefore":"medium","spaceAfter":"","frameHide":""},"content":{"header":"Impressionen aus den letzen Jahren","subheader":"","headerLayout":3,"headerPosition":"","headerLink":"","bodytext":""}},"2":{"id":318,"pid":84,"type":"header","colPos":-1,"categories":"","appearance":{"layout":"default","frameClass":"default","spaceBefore":"","spaceAfter":"","frameHide":""},"content":{"header":"Up to date","subheader":"","headerLayout":2,"headerPosition":"","headerLink":""}},"3":{"id":386,"pid":84,"type":"news_pi1","colPos":-1,"categories":"","appearance":{"layout":"default","frameClass":"default","spaceBefore":"","spaceAfter":"","frameHide":""},"content":{"header":"News","subheader":"","headerLayout":3,"headerPosition":"","headerLink":"","data":{"pagination":{"first":"\/list?tx_news_pi1%5BcurrentPage%5D=1&cHash=ddbce8abf454d6d062d4530dc4f1202a","last":"\/list?tx_news_pi1%5BcurrentPage%5D=1&cHash=ddbce8abf454d6d062d4530dc4f1202a","prev":null,"next":null,"pages":[{"page":1,"link":"\/list?tx_news_pi1%5BcurrentPage%5D=1&cHash=ddbce8abf454d6d062d4530dc4f1202a","current":1}]},"list":[{"uid":1,"title":"Verschl\u00fcsselung made in Germany","teaser":"W\u00e4hrend Rechenzentren und Firmenzentralen in der Energiebranche h\u00e4ufig Hochsicherheitstresoren gleichen, lassen sich standort\u00fcbergreifende Verbindungen manipulieren","isTopNews":false,"crdate":"Dec 09 2024","tstamp":"Mar 13 2025","datetime":"28.02.2025 - 15:32","archive":null,"author":{"author":"","authorEmail":""},"media":[],"falRelatedFiles":[],"categories":[],"tags":[],"metaData":{"keywords":"","description":"","alternativeTitle":""},"slug":"\/news\/verschluesselung-made-in-germany","pathSegment":"verschluesselung-made-in-germany","moreLink":"Read more"},{"uid":2,"title":"Ich bin eine etwas l\u00e4ngere Headline","teaser":"Ich bin ein kleiner Anreissertext und kann auch zweizeilig werden","isTopNews":false,"crdate":"Dec 09 2024","tstamp":"Feb 28 2025","datetime":"21.02.2025 - 15:32","archive":null,"author":{"author":"","authorEmail":""},"media":[],"falRelatedFiles":[],"categories":[],"tags":[],"metaData":{"keywords":"","description":"","alternativeTitle":""},"slug":"\/news\/maecenas-eleifend-hendrerit-sem","pathSegment":"maecenas-eleifend-hendrerit-sem","moreLink":"Read more"},{"uid":3,"title":"Ich bin eine Headline und kann auch zweizeilig werden","teaser":"Ich bin ein kleiner Anreissertext","isTopNews":false,"crdate":"Dec 10 2024","tstamp":"Feb 28 2025","datetime":"10.02.2025 - 15:32","archive":null,"author":{"author":"","authorEmail":""},"media":[],"falRelatedFiles":[],"categories":[],"tags":[],"metaData":{"keywords":"","description":"","alternativeTitle":""},"slug":"\/news\/donec-pulvinar-nibh-a-dui-aliquam-eget-lacinia-enim-efficitur","pathSegment":"donec-pulvinar-nibh-a-dui-aliquam-eget-lacinia-enim-efficitur","moreLink":"Read more"},{"uid":4,"title":"Ich bin eine Headline","teaser":"Ich bin ein kleiner Anreissertext und kann auch zweizeilig werden","isTopNews":false,"crdate":"Jan 16 2025","tstamp":"Feb 28 2025","datetime":"02.02.2025 - 15:32","archive":null,"author":{"author":"","authorEmail":""},"media":[],"falRelatedFiles":[],"categories":[],"tags":[],"metaData":{"keywords":"","description":"","alternativeTitle":""},"slug":"\/news\/verschluesselung-made-in-germany-1","pathSegment":"verschluesselung-made-in-germany-1","moreLink":"Read more"}],"settings":{"orderBy":"datetime","orderDirection":"desc","templateLayout":"","action":"list","listPid":"\/der-kongress\/presse"}}}},"4":{"id":302,"pid":84,"type":"q3i_lightbox","colPos":-1,"categories":"","appearance":{"layout":"lightbox-photoswipe-show-all","frameClass":"none","spaceBefore":"","spaceAfter":"","frameHide":""},"content":{"header":"","subheader":"","headerLayout":100,"headerPosition":"","headerLink":"","items":[{"uid":"1","pid":"84","image":[{"publicUrl":"https:\/\/api-240001.stage2.essociation.de\/fileadmin\/_frontend\/images\/keyvisual\/keyvisual_1.jpg","properties":{"title":null,"alternative":null,"description":null,"mimeType":"image\/jpeg","type":"image","target":null,"filename":"keyvisual_1.jpg","originalUrl":"fileadmin\/_frontend\/images\/keyvisual\/keyvisual_1.jpg","uidLocal":204,"fileReferenceUid":265,"size":"120 KB","link":null,"dimensions":{"width":1680,"height":1100},"cropDimensions":{"width":1680,"height":1100},"crop":{"default":{"cropArea":{"x":0,"y":0,"width":1,"height":1},"selectedRatio":"NaN","focusArea":null}},"poster":0,"extension":"jpg","loadingLazy":1}}]},{"uid":"2","pid":"84","image":[{"publicUrl":"https:\/\/api-240001.stage2.essociation.de\/fileadmin\/_frontend\/images\/keyvisual\/keyvisual_2.jpg","properties":{"title":null,"alternative":null,"description":null,"mimeType":"image\/jpeg","type":"image","target":null,"filename":"keyvisual_2.jpg","originalUrl":"fileadmin\/_frontend\/images\/keyvisual\/keyvisual_2.jpg","uidLocal":205,"fileReferenceUid":266,"size":"155 KB","link":null,"dimensions":{"width":1680,"height":1100},"cropDimensions":{"width":1680,"height":1100},"crop":{"default":{"cropArea":{"x":0,"y":0,"width":1,"height":1},"selectedRatio":"NaN","focusArea":null}},"poster":0,"extension":"jpg","loadingLazy":1}}]},{"uid":"3","pid":"84","image":[{"publicUrl":"https:\/\/api-240001.stage2.essociation.de\/fileadmin\/_frontend\/images\/keyvisual\/keyvisual_3.jpg","properties":{"title":null,"alternative":null,"description":null,"mimeType":"image\/jpeg","type":"image","target":null,"filename":"keyvisual_3.jpg","originalUrl":"fileadmin\/_frontend\/images\/keyvisual\/keyvisual_3.jpg","uidLocal":206,"fileReferenceUid":267,"size":"116 KB","link":null,"dimensions":{"width":1680,"height":1100},"cropDimensions":{"width":1680,"height":1100},"crop":{"default":{"cropArea":{"x":0,"y":0,"width":1,"height":1},"selectedRatio":"NaN","focusArea":null}},"poster":0,"extension":"jpg","loadingLazy":1}}]},{"uid":"4","pid":"84","image":[{"publicUrl":"https:\/\/api-240001.stage2.essociation.de\/fileadmin\/_frontend\/images\/keyvisual\/keyvisual_4.jpg","properties":{"title":null,"alternative":null,"description":null,"mimeType":"image\/jpeg","type":"image","target":null,"filename":"keyvisual_4.jpg","originalUrl":"fileadmin\/_frontend\/images\/keyvisual\/keyvisual_4.jpg","uidLocal":207,"fileReferenceUid":268,"size":"109 KB","link":null,"dimensions":{"width":1680,"height":1100},"cropDimensions":{"width":1680,"height":1100},"crop":{"default":{"cropArea":{"x":0,"y":0,"width":1,"height":1},"selectedRatio":"NaN","focusArea":null}},"poster":0,"extension":"jpg","loadingLazy":1}}]},{"uid":"5","pid":"84","image":[{"publicUrl":"https:\/\/api-240001.stage2.essociation.de\/fileadmin\/_frontend\/images\/keyvisual\/keyvisual_5.jpg","properties":{"title":null,"alternative":null,"description":null,"mimeType":"image\/jpeg","type":"image","target":null,"filename":"keyvisual_5.jpg","originalUrl":"fileadmin\/_frontend\/images\/keyvisual\/keyvisual_5.jpg","uidLocal":208,"fileReferenceUid":269,"size":"128 KB","link":null,"dimensions":{"width":1680,"height":1100},"cropDimensions":{"width":1680,"height":1100},"crop":{"default":{"cropArea":{"x":0,"y":0,"width":1,"height":1},"selectedRatio":"NaN","focusArea":null}},"poster":0,"extension":"jpg","loadingLazy":1}}]},{"uid":"6","pid":"84","image":[{"publicUrl":"https:\/\/api-240001.stage2.essociation.de\/fileadmin\/_frontend\/images\/keyvisual\/keyvisual_6.jpg","properties":{"title":null,"alternative":null,"description":null,"mimeType":"image\/jpeg","type":"image","target":null,"filename":"keyvisual_6.jpg","originalUrl":"fileadmin\/_frontend\/images\/keyvisual\/keyvisual_6.jpg","uidLocal":209,"fileReferenceUid":270,"size":"105 KB","link":null,"dimensions":{"width":1680,"height":1100},"cropDimensions":{"width":1680,"height":1100},"crop":{"default":{"cropArea":{"x":0,"y":0,"width":1,"height":1},"selectedRatio":"NaN","focusArea":null}},"poster":0,"extension":"jpg","loadingLazy":1}}]},{"uid":"7","pid":"84","image":[{"publicUrl":"https:\/\/api-240001.stage2.essociation.de\/fileadmin\/_frontend\/images\/keyvisual\/keyvisual_7.jpg","properties":{"title":null,"alternative":null,"description":null,"mimeType":"image\/jpeg","type":"image","target":null,"filename":"keyvisual_7.jpg","originalUrl":"fileadmin\/_frontend\/images\/keyvisual\/keyvisual_7.jpg","uidLocal":210,"fileReferenceUid":271,"size":"128 KB","link":null,"dimensions":{"width":1680,"height":1100},"cropDimensions":{"width":1680,"height":1100},"crop":{"default":{"cropArea":{"x":0,"y":0,"width":1,"height":1},"selectedRatio":"NaN","focusArea":null}},"poster":0,"extension":"jpg","loadingLazy":1}}]},{"uid":"8","pid":"84","image":[{"publicUrl":"https:\/\/api-240001.stage2.essociation.de\/fileadmin\/_frontend\/images\/keyvisual\/keyvisual_8.jpg","properties":{"title":null,"alternative":null,"description":null,"mimeType":"image\/jpeg","type":"image","target":null,"filename":"keyvisual_8.jpg","originalUrl":"fileadmin\/_frontend\/images\/keyvisual\/keyvisual_8.jpg","uidLocal":211,"fileReferenceUid":272,"size":"176 KB","link":null,"dimensions":{"width":1680,"height":1100},"cropDimensions":{"width":1680,"height":1100},"crop":{"default":{"cropArea":{"x":0,"y":0,"width":1,"height":1},"selectedRatio":"NaN","focusArea":null}},"poster":0,"extension":"jpg","loadingLazy":1}}]},{"uid":"9","pid":"84","image":[{"publicUrl":"https:\/\/api-240001.stage2.essociation.de\/fileadmin\/_frontend\/images\/keyvisual\/keyvisual_9.jpg","properties":{"title":null,"alternative":null,"description":null,"mimeType":"image\/jpeg","type":"image","target":null,"filename":"keyvisual_9.jpg","originalUrl":"fileadmin\/_frontend\/images\/keyvisual\/keyvisual_9.jpg","uidLocal":212,"fileReferenceUid":273,"size":"104 KB","link":null,"dimensions":{"width":1680,"height":1100},"cropDimensions":{"width":1680,"height":1100},"crop":{"default":{"cropArea":{"x":0,"y":0,"width":1,"height":1},"selectedRatio":"NaN","focusArea":null}},"poster":0,"extension":"jpg","loadingLazy":1}}]},{"uid":"10","pid":"84","image":[{"publicUrl":"https:\/\/api-240001.stage2.essociation.de\/fileadmin\/_frontend\/images\/keyvisual\/keyvisual_10.jpg","properties":{"title":null,"alternative":null,"description":null,"mimeType":"image\/jpeg","type":"image","target":null,"filename":"keyvisual_10.jpg","originalUrl":"fileadmin\/_frontend\/images\/keyvisual\/keyvisual_10.jpg","uidLocal":213,"fileReferenceUid":274,"size":"125 KB","link":null,"dimensions":{"width":1680,"height":1100},"cropDimensions":{"width":1680,"height":1100},"crop":{"default":{"cropArea":{"x":0,"y":0,"width":1,"height":1},"selectedRatio":"NaN","focusArea":null}},"poster":0,"extension":"jpg","loadingLazy":1}}]},{"uid":"11","pid":"84","image":[{"publicUrl":"https:\/\/api-240001.stage2.essociation.de\/fileadmin\/_frontend\/images\/keyvisual\/keyvisual_11.jpg","properties":{"title":null,"alternative":null,"description":null,"mimeType":"image\/jpeg","type":"image","target":null,"filename":"keyvisual_11.jpg","originalUrl":"fileadmin\/_frontend\/images\/keyvisual\/keyvisual_11.jpg","uidLocal":214,"fileReferenceUid":275,"size":"127 KB","link":null,"dimensions":{"width":1680,"height":1100},"cropDimensions":{"width":1680,"height":1100},"crop":{"default":{"cropArea":{"x":0,"y":0,"width":1,"height":1},"selectedRatio":"NaN","focusArea":null}},"poster":0,"extension":"jpg","loadingLazy":1}}]},{"uid":"12","pid":"84","image":[{"publicUrl":"https:\/\/api-240001.stage2.essociation.de\/fileadmin\/_frontend\/images\/keyvisual\/keyvisual_12.jpg","properties":{"title":null,"alternative":null,"description":null,"mimeType":"image\/jpeg","type":"image","target":null,"filename":"keyvisual_12.jpg","originalUrl":"fileadmin\/_frontend\/images\/keyvisual\/keyvisual_12.jpg","uidLocal":215,"fileReferenceUid":276,"size":"106 KB","link":null,"dimensions":{"width":1680,"height":1100},"cropDimensions":{"width":1680,"height":1100},"crop":{"default":{"cropArea":{"x":0,"y":0,"width":1,"height":1},"selectedRatio":"NaN","focusArea":null}},"poster":0,"extension":"jpg","loadingLazy":1}}]}]}},"5":{"id":314,"pid":84,"type":"structured_content","colPos":-1,"categories":"","appearance":{"layout":"default","frameClass":"default","spaceBefore":"","spaceAfter":"","frameHide":""},"content":{"header":"","subheader":"","headerLayout":100,"headerPosition":"","headerLink":"","structure":{"layout":"twocol","grid":{"twocol":"0"},"rows":[{"columns":[{"config":{"name":"First column","colPos":"101"},"elements":[{"id":315,"pid":84,"type":"q3i_xfeed","colPos":-1,"categories":"","appearance":{"layout":"default","frameClass":"none","spaceBefore":"","spaceAfter":"","frameHide":""},"content":{"header":"X Feed","subheader":"","headerLayout":3,"headerPosition":"","headerLink":""}}]},{"config":{"name":"Second column","colPos":"102"},"elements":[{"id":386,"pid":84,"type":"news_pi1","colPos":-1,"categories":"","appearance":{"layout":"default","frameClass":"default","spaceBefore":"","spaceAfter":"","frameHide":""},"content":{"header":"News","subheader":"","headerLayout":3,"headerPosition":"","headerLink":"","data":{"pagination":{"first":"\/list?tx_news_pi1%5BcurrentPage%5D=1&cHash=ddbce8abf454d6d062d4530dc4f1202a","last":"\/list?tx_news_pi1%5BcurrentPage%5D=1&cHash=ddbce8abf454d6d062d4530dc4f1202a","prev":null,"next":null,"pages":[{"page":1,"link":"\/list?tx_news_pi1%5BcurrentPage%5D=1&cHash=ddbce8abf454d6d062d4530dc4f1202a","current":1}]},"list":[{"uid":1,"title":"Verschl\u00fcsselung made in Germany","teaser":"W\u00e4hrend Rechenzentren und Firmenzentralen in der Energiebranche h\u00e4ufig Hochsicherheitstresoren gleichen, lassen sich standort\u00fcbergreifende Verbindungen manipulieren","isTopNews":false,"crdate":"Dec 09 2024","tstamp":"Mar 13 2025","datetime":"28.02.2025 - 15:32","archive":null,"author":{"author":"","authorEmail":""},"media":[],"falRelatedFiles":[],"categories":[],"tags":[],"metaData":{"keywords":"","description":"","alternativeTitle":""},"slug":"\/news\/verschluesselung-made-in-germany","pathSegment":"verschluesselung-made-in-germany","moreLink":"Read more"},{"uid":2,"title":"Ich bin eine etwas l\u00e4ngere Headline","teaser":"Ich bin ein kleiner Anreissertext und kann auch zweizeilig werden","isTopNews":false,"crdate":"Dec 09 2024","tstamp":"Feb 28 2025","datetime":"21.02.2025 - 15:32","archive":null,"author":{"author":"","authorEmail":""},"media":[],"falRelatedFiles":[],"categories":[],"tags":[],"metaData":{"keywords":"","description":"","alternativeTitle":""},"slug":"\/news\/maecenas-eleifend-hendrerit-sem","pathSegment":"maecenas-eleifend-hendrerit-sem","moreLink":"Read more"},{"uid":3,"title":"Ich bin eine Headline und kann auch zweizeilig werden","teaser":"Ich bin ein kleiner Anreissertext","isTopNews":false,"crdate":"Dec 10 2024","tstamp":"Feb 28 2025","datetime":"10.02.2025 - 15:32","archive":null,"author":{"author":"","authorEmail":""},"media":[],"falRelatedFiles":[],"categories":[],"tags":[],"metaData":{"keywords":"","description":"","alternativeTitle":""},"slug":"\/news\/donec-pulvinar-nibh-a-dui-aliquam-eget-lacinia-enim-efficitur","pathSegment":"donec-pulvinar-nibh-a-dui-aliquam-eget-lacinia-enim-efficitur","moreLink":"Read more"},{"uid":4,"title":"Ich bin eine Headline","teaser":"Ich bin ein kleiner Anreissertext und kann auch zweizeilig werden","isTopNews":false,"crdate":"Jan 16 2025","tstamp":"Feb 28 2025","datetime":"02.02.2025 - 15:32","archive":null,"author":{"author":"","authorEmail":""},"media":[],"falRelatedFiles":[],"categories":[],"tags":[],"metaData":{"keywords":"","description":"","alternativeTitle":""},"slug":"\/news\/verschluesselung-made-in-germany-1","pathSegment":"verschluesselung-made-in-germany-1","moreLink":"Read more"}],"settings":{"orderBy":"datetime","orderDirection":"desc","templateLayout":"","action":"list","listPid":"\/der-kongress\/presse"}}}}]}]}]}}},"6":{"id":315,"pid":84,"type":"q3i_xfeed","colPos":-1,"categories":"","appearance":{"layout":"default","frameClass":"none","spaceBefore":"","spaceAfter":"","frameHide":""},"content":{"header":"X Feed","subheader":"","headerLayout":3,"headerPosition":"","headerLink":""}},"7":{"id":307,"pid":84,"type":"q3i_icon_list","colPos":-4,"categories":"","appearance":{"layout":"default","frameClass":"default","spaceBefore":"","spaceAfter":"","frameHide":""},"content":{"header":"","subheader":"","headerLayout":100,"headerPosition":"","headerLink":"","items":[]}},"8":{"id":310,"pid":84,"type":"q3i_icon_list","colPos":-4,"categories":"","appearance":{"layout":"default","frameClass":"default","spaceBefore":"","spaceAfter":"","frameHide":""},"content":{"header":"","subheader":"","headerLayout":100,"headerPosition":"","headerLink":"","items":[{"header":"Neue Technologien im Zusammenhang mit KI und Virtualisierung","bodytext":"","icon":"icon-Ic_32x32_Brain"},{"header":"Herausforderungen und L\u00f6sungen in Mittel- und Niederspannungsnetzen","bodytext":"","icon":"icon-Ic_32x32_Network"},{"header":"Digitales Umspannwerk und Cybersecurity","bodytext":"","icon":"icon-Ic_32x32_Presence"},{"header":"Schutz- und Leittechnik in Hoch- und H\u00f6chstspannung","bodytext":"","icon":"icon-Ic_32x32_Requirements"},{"header":"Erfahrungen aus Netzst\u00f6rungen und Projekten","bodytext":"","icon":"icon-Ic_32x32_Share"}]}},"9":{"id":311,"pid":84,"type":"q3i_icon_list","colPos":-4,"categories":"","appearance":{"layout":"list","frameClass":"default","spaceBefore":"","spaceAfter":"","frameHide":""},"content":{"header":"","subheader":"","headerLayout":100,"headerPosition":"","headerLink":"","items":[{"header":"Zielgruppe","bodytext":"","icon":null},{"header":"Weitere Zielgruppe","bodytext":"","icon":null},{"header":"Eine Zielgruppe mit etwas l\u00e4ngerem Text","bodytext":"","icon":null},{"header":"Noch eine Zielgruppe","bodytext":"","icon":null}]}},"10":{"id":312,"pid":84,"type":"text","colPos":-4,"categories":"","appearance":{"layout":"default","frameClass":"default","spaceBefore":"medium","spaceAfter":"","frameHide":""},"content":{"header":"","subheader":"","headerLayout":100,"headerPosition":"","headerLink":"","bodytext":"<p>Am 05. und 06. M\u00e4rz 2024 treffen sich nationale und internationale Expert*innen auf dem 13. VDE ETG\/FNN-Tutorial Schutz- und Leittechnik in Leipzig. Alle Anwesenden eint ein Ziel: den Netzbetrieb mit innovativer Schutz- und Leittechnik cybersicher, effizient und zukunftssicher zu gestalten. Der Ticketshop steht jetzt f\u00fcr Sie bereit.<\/p>\n<p>Abgerundet wurde das Vortragsprogramm durch eine gro\u00dfe Ausstellung, f\u00fcnf interaktive Workshops und eine Poster-Session. Zur fachlichen Diskussion und zum Erfahrungsaustausch luden die Tagungspausen ein, ebenso wie der gemeinsame Abend am ersten Veranstaltungstag.<\/p>"}},"11":{"id":300,"pid":84,"type":"q3i_logo_list","colPos":-1,"categories":"","appearance":{"layout":"no-wrap-organizer-logo-list-container","frameClass":"none","spaceBefore":"","spaceAfter":"","frameHide":""},"content":{"header":"Wird veranstaltet von","subheader":"","headerLayout":100,"headerPosition":"","headerLink":"","items":[{"uid":"83","tt_content":"300","header":"EW","nav_title":"","image":"1","link":{"type":"url","url":"https:\/\/www.essociation.de\/veranstalter\/ew","target":" target=\"_blank\"","title":"","class":"","link":"https:\/\/www.essociation.de\/veranstalter\/ew _blank","aTagParams":""},"images":[{"publicUrl":"https:\/\/api-240001.stage2.essociation.de\/fileadmin\/_frontend\/images\/logo\/logo_ew.svg","properties":{"title":null,"alternative":null,"description":null,"mimeType":"image\/svg+xml","type":"image","target":null,"filename":"logo_ew.svg","originalUrl":"fileadmin\/_frontend\/images\/logo\/logo_ew.svg","uidLocal":189,"fileReferenceUid":262,"size":"7 KB","link":null,"dimensions":{"width":317,"height":200},"cropDimensions":{"width":317,"height":200},"crop":{"default":{"cropArea":{"x":0,"y":0,"width":1,"height":1},"selectedRatio":"NaN","focusArea":null}},"poster":0,"extension":"svg","loadingLazy":1}}]}]}},"12":{"id":301,"pid":84,"type":"q3i_logo_list","colPos":-1,"categories":"","appearance":{"layout":"no-wrap-organizer-logo-list-container","frameClass":"none","spaceBefore":"","spaceAfter":"","frameHide":""},"content":{"header":"In Kooperation mit","subheader":"","headerLayout":100,"headerPosition":"","headerLink":"","items":[{"uid":"81","tt_content":"301","header":"BDEW Akademie","nav_title":"VDE FNN","image":"1","link":{"type":"url","url":"https:\/\/www.essociation.de\/veranstalter\/bdew-akademie","target":" target=\"_blank\"","title":"","class":"","link":"https:\/\/www.essociation.de\/veranstalter\/bdew-akademie _blank","aTagParams":""},"images":[{"publicUrl":"https:\/\/api-240001.stage2.essociation.de\/fileadmin\/_frontend\/images\/logo\/logo_bdew_akademie.svg","properties":{"title":null,"alternative":null,"description":null,"mimeType":"image\/svg+xml","type":"image","target":null,"filename":"logo_bdew_akademie.svg","originalUrl":"fileadmin\/_frontend\/images\/logo\/logo_bdew_akademie.svg","uidLocal":176,"fileReferenceUid":397,"size":"8 KB","link":null,"dimensions":{"width":270,"height":55},"cropDimensions":{"width":270,"height":55},"crop":{"default":{"cropArea":{"x":0,"y":0,"width":1,"height":1},"selectedRatio":"NaN","focusArea":null}},"poster":0,"extension":"svg","loadingLazy":1}}]},{"uid":"82","tt_content":"301","header":"BDEW","nav_title":"BDEW","image":"1","link":{"type":"url","url":"https:\/\/www.essociation.de\/veranstalter\/bdew","target":" target=\"_blank\"","title":"","class":"","link":"https:\/\/www.essociation.de\/veranstalter\/bdew _blank","aTagParams":""},"images":[{"publicUrl":"https:\/\/api-240001.stage2.essociation.de\/fileadmin\/_frontend\/images\/logo\/logo_bdew.svg","properties":{"title":null,"alternative":null,"description":null,"mimeType":"image\/svg+xml","type":"image","target":null,"filename":"logo_bdew.svg","originalUrl":"fileadmin\/_frontend\/images\/logo\/logo_bdew.svg","uidLocal":175,"fileReferenceUid":398,"size":"7 KB","link":null,"dimensions":{"width":126,"height":65},"cropDimensions":{"width":126,"height":65},"crop":{"default":{"cropArea":{"x":0,"y":0,"width":1,"height":1},"selectedRatio":"NaN","focusArea":null}},"poster":0,"extension":"svg","loadingLazy":1}}]}]}},"colPos0":[{"id":297,"pid":84,"type":"structured_content","colPos":0,"categories":"","appearance":{"layout":"highlights-intro-container","frameClass":"container-lg","spaceBefore":"","spaceAfter":"","frameHide":""},"content":{"header":"","subheader":"","headerLayout":100,"headerPosition":"","headerLink":"","structure":{"layout":"onecol","grid":{"onecol":"1"},"rows":[{"columns":[{"config":{"name":"First column","colPos":"101"},"elements":[{"id":298,"pid":84,"type":"text","colPos":-1,"categories":"","appearance":{"layout":"text","frameClass":"none","spaceBefore":"","spaceAfter":"","frameHide":""},"content":{"header":"","subheader":"","headerLayout":100,"headerPosition":"","headerLink":"","bodytext":"<h2>Ich bin eine H2-\u00dcberschrift<\/h2>\n<p>Am 05. und 06. M\u00e4rz 2024 treffen sich nationale und internationale Expert*innen auf dem 13. VDE ETG\/FNN-Tutorial Schutz- und Leittechnik in Leipzig. Alle Anwesenden eint ein Ziel: den Netzbetrieb mit innovativer Schutz- und Leittechnik cybersicher, effizient und zukunftssicher zu gestalten. Der Ticketshop steht jetzt f\u00fcr Sie bereit.<\/p>"}}]}]}]}}},{"id":299,"pid":84,"type":"structured_content","colPos":0,"categories":"","appearance":{"layout":"organizer-cooperation-container","frameClass":"container-lg","spaceBefore":"","spaceAfter":"","frameHide":""},"content":{"header":"","subheader":"","headerLayout":100,"headerPosition":"","headerLink":"","structure":{"layout":"onecol","grid":{"onecol":"1"},"rows":[{"columns":[{"config":{"name":"First column","colPos":"101"},"elements":[{"id":300,"pid":84,"type":"q3i_logo_list","colPos":-1,"categories":"","appearance":{"layout":"no-wrap-organizer-logo-list-container","frameClass":"none","spaceBefore":"","spaceAfter":"","frameHide":""},"content":{"header":"Wird veranstaltet von","subheader":"","headerLayout":100,"headerPosition":"","headerLink":"","items":[{"uid":"83","tt_content":"300","header":"EW","nav_title":"","image":"1","link":{"type":"url","url":"https:\/\/www.essociation.de\/veranstalter\/ew","target":" target=\"_blank\"","title":"","class":"","link":"https:\/\/www.essociation.de\/veranstalter\/ew _blank","aTagParams":""},"images":[{"publicUrl":"https:\/\/api-240001.stage2.essociation.de\/fileadmin\/_frontend\/images\/logo\/logo_ew.svg","properties":{"title":null,"alternative":null,"description":null,"mimeType":"image\/svg+xml","type":"image","target":null,"filename":"logo_ew.svg","originalUrl":"fileadmin\/_frontend\/images\/logo\/logo_ew.svg","uidLocal":189,"fileReferenceUid":262,"size":"7 KB","link":null,"dimensions":{"width":317,"height":200},"cropDimensions":{"width":317,"height":200},"crop":{"default":{"cropArea":{"x":0,"y":0,"width":1,"height":1},"selectedRatio":"NaN","focusArea":null}},"poster":0,"extension":"svg","loadingLazy":1}}]}]}},{"id":301,"pid":84,"type":"q3i_logo_list","colPos":-1,"categories":"","appearance":{"layout":"no-wrap-organizer-logo-list-container","frameClass":"none","spaceBefore":"","spaceAfter":"","frameHide":""},"content":{"header":"In Kooperation mit","subheader":"","headerLayout":100,"headerPosition":"","headerLink":"","items":[{"uid":"81","tt_content":"301","header":"BDEW Akademie","nav_title":"VDE FNN","image":"1","link":{"type":"url","url":"https:\/\/www.essociation.de\/veranstalter\/bdew-akademie","target":" target=\"_blank\"","title":"","class":"","link":"https:\/\/www.essociation.de\/veranstalter\/bdew-akademie _blank","aTagParams":""},"images":[{"publicUrl":"https:\/\/api-240001.stage2.essociation.de\/fileadmin\/_frontend\/images\/logo\/logo_bdew_akademie.svg","properties":{"title":null,"alternative":null,"description":null,"mimeType":"image\/svg+xml","type":"image","target":null,"filename":"logo_bdew_akademie.svg","originalUrl":"fileadmin\/_frontend\/images\/logo\/logo_bdew_akademie.svg","uidLocal":176,"fileReferenceUid":397,"size":"8 KB","link":null,"dimensions":{"width":270,"height":55},"cropDimensions":{"width":270,"height":55},"crop":{"default":{"cropArea":{"x":0,"y":0,"width":1,"height":1},"selectedRatio":"NaN","focusArea":null}},"poster":0,"extension":"svg","loadingLazy":1}}]},{"uid":"82","tt_content":"301","header":"BDEW","nav_title":"BDEW","image":"1","link":{"type":"url","url":"https:\/\/www.essociation.de\/veranstalter\/bdew","target":" target=\"_blank\"","title":"","class":"","link":"https:\/\/www.essociation.de\/veranstalter\/bdew _blank","aTagParams":""},"images":[{"publicUrl":"https:\/\/api-240001.stage2.essociation.de\/fileadmin\/_frontend\/images\/logo\/logo_bdew.svg","properties":{"title":null,"alternative":null,"description":null,"mimeType":"image\/svg+xml","type":"image","target":null,"filename":"logo_bdew.svg","originalUrl":"fileadmin\/_frontend\/images\/logo\/logo_bdew.svg","uidLocal":175,"fileReferenceUid":398,"size":"7 KB","link":null,"dimensions":{"width":126,"height":65},"cropDimensions":{"width":126,"height":65},"crop":{"default":{"cropArea":{"x":0,"y":0,"width":1,"height":1},"selectedRatio":"NaN","focusArea":null}},"poster":0,"extension":"svg","loadingLazy":1}}]}]}}]}]}]}}},{"id":309,"pid":84,"type":"q3i_tabs","colPos":0,"categories":"","appearance":{"layout":"default","frameClass":"default","spaceBefore":"","spaceAfter":"","frameHide":""},"content":{"header":"","subheader":"","headerLayout":0,"headerPosition":"","headerLink":"","items":[{"uid":"3","tab_name":"Schwerpunkte","tab_content":[{"id":310,"pid":84,"type":"q3i_icon_list","colPos":-4,"categories":"","appearance":{"layout":"default","frameClass":"default","spaceBefore":"","spaceAfter":"","frameHide":""},"content":{"header":"","subheader":"","headerLayout":100,"headerPosition":"","headerLink":"","items":[{"header":"Neue Technologien im Zusammenhang mit KI und Virtualisierung","bodytext":"","icon":"icon-Ic_32x32_Brain"},{"header":"Herausforderungen und L\u00f6sungen in Mittel- und Niederspannungsnetzen","bodytext":"","icon":"icon-Ic_32x32_Network"},{"header":"Digitales Umspannwerk und Cybersecurity","bodytext":"","icon":"icon-Ic_32x32_Presence"},{"header":"Schutz- und Leittechnik in Hoch- und H\u00f6chstspannung","bodytext":"","icon":"icon-Ic_32x32_Requirements"},{"header":"Erfahrungen aus Netzst\u00f6rungen und Projekten","bodytext":"","icon":"icon-Ic_32x32_Share"}]}}]},{"uid":"4","tab_name":"Zielgruppen","tab_content":[{"id":311,"pid":84,"type":"q3i_icon_list","colPos":-4,"categories":"","appearance":{"layout":"list","frameClass":"default","spaceBefore":"","spaceAfter":"","frameHide":""},"content":{"header":"","subheader":"","headerLayout":100,"headerPosition":"","headerLink":"","items":[{"header":"Zielgruppe","bodytext":"","icon":null},{"header":"Weitere Zielgruppe","bodytext":"","icon":null},{"header":"Eine Zielgruppe mit etwas l\u00e4ngerem Text","bodytext":"","icon":null},{"header":"Noch eine Zielgruppe","bodytext":"","icon":null}]}},{"id":312,"pid":84,"type":"text","colPos":-4,"categories":"","appearance":{"layout":"default","frameClass":"default","spaceBefore":"medium","spaceAfter":"","frameHide":""},"content":{"header":"","subheader":"","headerLayout":100,"headerPosition":"","headerLink":"","bodytext":"<p>Am 05. und 06. M\u00e4rz 2024 treffen sich nationale und internationale Expert*innen auf dem 13. VDE ETG\/FNN-Tutorial Schutz- und Leittechnik in Leipzig. Alle Anwesenden eint ein Ziel: den Netzbetrieb mit innovativer Schutz- und Leittechnik cybersicher, effizient und zukunftssicher zu gestalten. Der Ticketshop steht jetzt f\u00fcr Sie bereit.<\/p>\n<p>Abgerundet wurde das Vortragsprogramm durch eine gro\u00dfe Ausstellung, f\u00fcnf interaktive Workshops und eine Poster-Session. Zur fachlichen Diskussion und zum Erfahrungsaustausch luden die Tagungspausen ein, ebenso wie der gemeinsame Abend am ersten Veranstaltungstag.<\/p>"}}]}]}},{"id":322,"pid":84,"type":"q3i_button","colPos":0,"categories":"","appearance":{"layout":"show-all-events","frameClass":"container-lg","spaceBefore":"","spaceAfter":"","frameHide":""},"content":{"header":"Zum Programm","subheader":"","headerLayout":0,"headerPosition":"","headerLink":"","button_link":{"type":"page","url":"\/programm","target":"","title":"","class":"","link":"t3:\/\/page?uid=86","aTagParams":""},"button_text":"Zum Programm","button_layout":"secondary"}},{"id":313,"pid":84,"type":"q3ivdeevents_congress","colPos":0,"categories":"","appearance":{"layout":"default","frameClass":"none","spaceBefore":"","spaceAfter":"","frameHide":""},"content":{"header":"Referenten","subheader":"","headerLayout":100,"headerPosition":"","headerLink":"","data":

{"view":"CarouselSpeakers","settings":{"frontendBase":"https:\/\/240001.stage2.essociation.de\/","apiBase":"https:\/\/api-240001.stage2.essociation.de\/","apiEndpoint":"https:\/\/api-240001.stage2.essociation.de\/api\/v1\/","pid":{"eventDetailView":"19","partyDetailView":"79","eventBookingForm":"45","eventAgendaView":"20","privacy":"16","termsOfUse":"14"},"auth":{"credentials":"{$plugin.tx_q3ivdeevents_events.settings.auth.credentials}"},"email":{"adminEmail":"admin@essociation.de","adminName":"TYPO3 Admin","fromEmail":"noreply@essociation.de","fromName":"stage.essociation.de","bccList":"fbecker@vde-verlag.de,sandt@vde-verlag.de,web@bosbach.de"},"eventContext":{"eventNumber":"240001"},"allSpeakerPageUid":"92","showTypeList":"selectedSpeakers","selectedSpeakers":"439,398,399,415,436,391,392,422","detailPid":"93"},"allSpeakersPage":"https:\/\/240001.stage2.essociation.de\/referenten","speakers":[{"number":"31000980-004","contactType":"Ansprechpartner","name":"Thorsten Schlender","name2":"","name3":"","firstName":"Thorsten","middleName":"","lastName":"Schlender","addressStreet":"Friedrich-Bergius-Str.","addressHouseNo":"12","addressZip":"41516","addressCity":"Grevenbroich","addressCountry":[],"addressCountryName":"Deutschland","salutation":"HR","title":"","email":"Thorsten.Schlender@baur.eu","phone":"+49 - 2181 - 2979 20","fax":"","www":"","companyName":"BAUR Pr\u00fcf- und Messtechnik GmbH","companyPosition":"Vertriebsingenieur Leiter Nord","image":null,"imageExternal":"https:\/\/vde.px.media\/plk\/g5\/31000980-004_Schlender_Thorsten.png","slug":"thorsten-schlender","portrait":"\u003Cp\u003ESeit seiner Ausbildung als Elektroniker ist Herr Schlender &uuml;ber 17 Jahre im Bereich der Energietechnik t&auml;tig. Er studierte Elektrotechnik an der HS-D&uuml;sseldorf und drei Auslandssemester an der Universidad de Lima. Er begann 2017 seine Arbeit als Applikationsingenieur bei Baur. Seit 2019 studiert er an der FernUni Hagen Business Administration. In seiner aktuellen Position als Vertriebsingenieur ist er f&uuml;r Norddeutschland verantwortlich. Seit 2023 ist er Teil des Baur Diagnostic Competence Center, welches Kabeldiagnosekompetenz b&uuml;ndelt und weitergibt.\u003C\/p\u003E","uid":391,"booth":null,"links":[{"Link-Adresse":"https:\/\/vde.px.media\/plk\/g5\/31000980-004_Schlender_Thorsten.png","Link_Beschreibung":"REFERENT:BILD"}]},{"number":"31000361-008","contactType":"Ansprechpartner","name":"Martin Zapf","name2":"","name3":"","firstName":"Martin","middleName":"","lastName":"Zapf","addressStreet":"Finsinger Feld","addressHouseNo":"1","addressZip":"85521","addressCity":"Ottobrunn","addressCountry":[],"addressCountryName":"Deutschland","salutation":"HR","title":"","email":"martin.zapf@te.com","phone":"","fax":"","www":"","companyName":"TE Connectivity Tyco Electronics Raychem GmbH","companyPosition":"Director Strategy and Productmanagement EMEA","image":null,"imageExternal":"https:\/\/vde.px.media\/plk\/Tq\/31000361-008_Zapf_Martin.png","slug":"martin-zapf","portrait":"","uid":392,"booth":null,"links":[{"Link-Adresse":"https:\/\/vde.px.media\/plk\/Tq\/31000361-008_Zapf_Martin.png","Link_Beschreibung":"REFERENT:BILD"}]},{"number":"31003043-002","contactType":"Ansprechpartner","name":"Jan Br\u00fcggmann","name2":"","name3":"","firstName":"Jan","middleName":"","lastName":"Br\u00fcggmann","addressStreet":"Rheinlanddamm","addressHouseNo":"24","addressZip":"44139","addressCity":"Dortmund","addressCountry":[],"addressCountryName":"Deutschland","salutation":"HR","title":"Dr.","email":"jan.brueggmann@amprion.net","phone":"+49 - 231 - 5849 15784","fax":"","www":"","companyName":"Amprion GmbH","companyPosition":"Leiter Kabeltechnik","image":null,"imageExternal":"https:\/\/vde.px.media\/plk\/jT\/31003043-002_Br%C3%BCggmann_Jan.png","slug":"jan-brueggmann","portrait":"\u003Cp\u003EDr. Jan Br&uuml;ggmann hat von 2000 bis 2007 Elektro- und Informationstechnik in der Fachrichtung Energie- und Automatisierungstechnik an der Universit&auml;t Duisburg-Essen studiert. Daran anschlie&szlig;end hat er als wissenschaftlicher Mitarbeiter im Bereich der Energiekabeltechnik, insbesondere zu Themen der magnetischen Schirmung sowie mehrphasiger Wechselspannungssysteme bei Prof. Brakelmann geforscht. Nach Erlangung der Promotion im Jahr 2012 ist er zum &Uuml;bertragungsnetzbetreiber Amprion GmbH gewechselt und hat dort im HG&Uuml;-Projekt ALEGrO die Leitung des Teilprojektes &bdquo;Kabel&ldquo; &uuml;bernommen. Ab Mitte 2015 hat er sich als Ingenieur f&uuml;r Energiekabeltechnik um alle technologischen Themenstellungen von Wechsel- und Gleichspannungskabelanlagen sowie Gasisolierten Leitungen gek&uuml;mmert. Seit Oktober 2016 verantwortet er bei Amprion im Bereich Leitungsbau die neu gegr&uuml;ndete Abteilung &bdquo;Kabeltechnik und &ndash;bau&ldquo;, ab 2018 die Abteilung &bdquo;Kabeltechnik&ldquo;. Er ist deutscher Vertreter im SC B1 der Cigr&eacute; und ex officio Mitglied in den UK411.1 &bdquo;Starkstromkabel&ldquo; und 411.3 &bdquo;Garnituren und Verbinder f&uuml;r Starkstromkabel&ldquo;.\u003C\/p\u003E","uid":398,"booth":null,"links":[{"Link-Adresse":"https:\/\/vde.px.media\/plk\/jT\/31003043-002_Br%C3%BCggmann_Jan.png","Link_Beschreibung":"REFERENT:BILD"}]},{"number":"31001451-057","contactType":"Ansprechpartner","name":"Michael Gutzeit","name2":"","name3":"","firstName":"Michael","middleName":"","lastName":"Gutzeit","addressStreet":"Pariser Platz Osloer Str.","addressHouseNo":"15-17","addressZip":"70173","addressCity":"Stuttgart","addressCountry":[],"addressCountryName":"Deutschland","salutation":"HR","title":"","email":"m.gutzeit@transnetbw.de","phone":"","fax":"","www":"","companyName":"TransnetBW GmbH","companyPosition":"Projektdirektor SuedLink","image":null,"imageExternal":"https:\/\/vde.px.media\/plk\/GN\/31001451-057-Gutzeit_Michael.png","slug":"michael-gutzeit","portrait":"\u003Cp\u003E \u003C\/p\u003E\u003Cp\u003EAUS- UND WEITERBILDUNG\u003C\/p\u003E\u003Cp\u003E- Diplom Bauingenieur (Univ.)\u003C\/p\u003E\u003Cp\u003E- Management, Strategie und F&uuml;hrungsausbildung an der Sankt Gallen Business School und dem IMD\u003C\/p\u003E\u003Cp\u003EKERNKOMPETENZEN\u003C\/p\u003E\u003Cp\u003E- Management gro&szlig;er, komplexer Ingenieurbau- Projekte, sowie von schl&uuml;sselfertigen Hoch- und H&ouml;chstspannungskabelsystemen On- und Offshore\u003C\/p\u003E\u003Cp\u003E- Konsequent vertragsorientierte Projektabwicklung und strukturierte Projektsteuerung\u003C\/p\u003E\u003Cp\u003E- Starker Fokus auf HSE-Kultur und Bewusstsein f&uuml;r Arbeitssicherheit\u003C\/p\u003E\u003Cp\u003E- Ziel- \/ werteorientierter F&uuml;hrungsstil, menschlich, respektvoll, fordernd und beteiligend\u003C\/p\u003E\u003Cp\u003E- Gewohnt internationale, multikulturelle Teams auch in Krisensituationen qualifiziert zu f&uuml;hren und abgewogen zu entscheiden\u003C\/p\u003E\u003Cp\u003E- Personalentwicklung bevorzugt aus den eigenen Reihen (Coaching, Mentoring)\u003C\/p\u003E\u003Cp\u003E- Unternehmerisch, strategisch sowie pragmatisch denkend und handelnd, sehr chancenorientiert\u003C\/p\u003E\u003Cp\u003EBERUFLICHE SCHWERPUNKTE\u003C\/p\u003E\u003Cp\u003E- Gesamtprojektleiter des aktuell gr&ouml;&szlig;ten deutschen Energiewendeprojekts SuedLink\u003C\/p\u003E\u003Cp\u003E- Projektleiter, Handlungsbevollm&auml;chtigter, Prokurist und Interims-Gesch&auml;ftsf&uuml;hrer nationaler und interna-tionaler Baufirmen\u003C\/p\u003E\u003Cp\u003EPERS&Ouml;NLICHES\u003C\/p\u003E\u003Cp\u003E- Mitglied der Bayerischen Ingenieurekammer, COREN und NSE\u003C\/p\u003E\u003Cp\u003E- div. Fachvortr&auml;ge und Ver&ouml;ffentlichungen\u003C\/p\u003E\u003Cp\u003E- Langj&auml;hriges, aktives Mitglied der freiwilligen Feuerwehr\u003C\/p\u003E","uid":399,"booth":null,"links":[{"Link-Adresse":"https:\/\/vde.px.media\/plk\/GN\/31001451-057-Gutzeit_Michael.png","Link_Beschreibung":"REFERENT:BILD"}]},{"number":"31001010-004","contactType":"Ansprechpartner","name":"Dan Keller","name2":"","name3":"","firstName":"Dan","middleName":"","lastName":"Keller","addressStreet":"Marie-Curie-Str.","addressHouseNo":"10","addressZip":"01139","addressCity":"Dresden","addressCountry":[],"addressCountryName":"Deutschland","salutation":"HR","title":"","email":"d.keller@highvolt.com","phone":"+49 - 351 - 8425 874","fax":"","www":"","companyName":"HIGHVOLT Pr\u00fcftechnik Dresden GmbH","companyPosition":"Head of Monitoring Solutions","image":null,"imageExternal":"https:\/\/vde.px.media\/plk\/zP\/31001010-004_Keller_Dan.png","slug":"dan-keller","portrait":"\u003Cp\u003EDan Keller studierte Elektrotechnik an der BA Bautzen und Wirtschaftsingenieurwesen an der WHZ Zwickau. Er arbeitete in verschiedenen Positionen im Engineering und im technischen Vertrieb. In seinen T&auml;tigkeiten besch&auml;ftigte er sich unter anderem mit Safety-Konzepten f&uuml;r Hochspannungspr&uuml;fanlagen sowie der strategischen Analyse und Entwicklung von M&auml;rkten. Seit 2021 leitet er bei HIGHVOLT das Team Monitoring Systeme bei HIGHVOLT.\u003C\/p\u003E","uid":415,"booth":null,"links":[{"Link-Adresse":"https:\/\/vde.px.media\/plk\/zP\/31001010-004_Keller_Dan.png","Link_Beschreibung":"REFERENT:BILD"}]},{"number":"31000670-003","contactType":"Ansprechpartner","name":"Klaus Vaterrodt","name2":"","name3":"","firstName":"Klaus","middleName":"","lastName":"Vaterrodt","addressStreet":"Landsberger Allee","addressHouseNo":"378A","addressZip":"12681","addressCity":"Berlin","addressCountry":[],"addressCountryName":"Deutschland","salutation":"HR","title":"","email":"vaterrodt@iph.de","phone":"+49 - 30 - 54960 441","fax":"","www":"","companyName":"IPH Institut Pr\u00fcffeld f\u00fcr elektrische Hochleistungstechnik GmbH","companyPosition":"Senior Test Engineer","image":null,"imageExternal":"https:\/\/vde.px.media\/plk\/Ra\/31000670-003_Vaterrrodt_Klaus.png","slug":"klaus-vaterrodt","portrait":"\u003Cul\u003E\u003Cli\u003E\u003Cp\u003EStudium der Elektrotechnik mit dem Schwerpunkt Hochspannungstechnik an der Technischen Universit&auml;t Berlin\u003C\/p\u003E\u003C\/li\u003E\u003Cli\u003E\u003Cp\u003E5 Jahre Entwicklungsingenieur f&uuml;r Energiekabel bei der BICC KWO Kabel Gmbh\u003C\/p\u003E\u003C\/li\u003E\u003Cli\u003E\u003Cp\u003ESeit 1999 im IPH in verschiedenen Bereichen t&auml;tig, derzeit als\u003Cbr \/\u003E- Leiter des Vor-Ort-Pr&uuml;fteams\u003Cbr \/\u003E- Leiter des Hochspannungspr&uuml;ffeldes im IPH.\u003Cbr \/\u003E- Leiter des On-site-Business von KEMA labs eine Abteilung der CESI-Gruppe\u003C\/p\u003E\u003C\/li\u003E\u003Cli\u003E\u003Cp\u003EMitarbeit in den deutschen Normungsgremien f&uuml;r Starkstromkabel (UK411.1) und Hochspannungspr&uuml;f- und Messtechnik (K124).\u003C\/p\u003E\u003C\/li\u003E\u003Cli\u003E\u003Cp\u003EMitglied der CIGRE und Mitarbeiter in dem deutschen Arbeitskreis CIGRE DAK B1\u003C\/p\u003E\u003C\/li\u003E\u003C\/ul\u003E","uid":422,"booth":null,"links":[{"Link-Adresse":"https:\/\/vde.px.media\/plk\/Ra\/31000670-003_Vaterrrodt_Klaus.png","Link_Beschreibung":"REFERENT:BILD"}]},{"number":"31004522-036","contactType":"Ansprechpartner","name":"Christoph Riegel","name2":"","name3":"","firstName":"Christoph","middleName":"","lastName":"Riegel","addressStreet":"Tulpenfeld","addressHouseNo":"4","addressZip":"53113","addressCity":"Bonn","addressCountry":[],"addressCountryName":"Deutschland","salutation":"HR","title":"Dr.","email":"christoph.riegel@bnetza.de","phone":"+49 - 228 - 14 5619","fax":"","www":"","companyName":"Bundesnetzagentur f\u00fcr Elektrizit\u00e4t, Gas Telekommunikation, Post, Eisenbahnen  ","companyPosition":"Referatsleiter","image":null,"imageExternal":"https:\/\/vde.px.media\/plk\/Ne\/31004522-036_Riegel_Christoph.png","slug":"christoph-riegel","portrait":"\u003Cp\u003E2006-2008 Bundesamt f&uuml;r Bev&ouml;lkerungsschutz und Katastrophenhilfe, Schutz Kritischer Infrastrukturen\u003C\/p\u003E\u003Cp\u003E2008-2014 RWTH Aachen, Institut f&uuml;r Stadtbauwesen und Stadtverkehr\u003C\/p\u003E\u003Cp\u003ESeit 2014 Bundesnetzagentur, Abt. 8 Ausbau Stromnetze, Leitung Ref. 814 Technische Fragen, Geodaten und Geoinformationssysteme, Raumordnung\u003C\/p\u003E","uid":436,"booth":null,"links":[{"Link-Adresse":"https:\/\/vde.px.media\/plk\/Ne\/31004522-036_Riegel_Christoph.png","Link_Beschreibung":"REFERENT:BILD"}]},{"number":"31001010-008","contactType":"Ansprechpartner","name":"Enrico Bilinski","name2":"","name3":"","firstName":"Enrico","middleName":"","lastName":"Bilinski","addressStreet":"Marie-Curie-Str.","addressHouseNo":"10","addressZip":"01139","addressCity":"Dresden","addressCountry":[],"addressCountryName":"Deutschland","salutation":"HR","title":"","email":"E.Bilinski@highvolt.com","phone":"+49 - 351 - 8425 729","fax":"","www":"","companyName":"HIGHVOLT Pr\u00fcftechnik Dresden GmbH","companyPosition":"Head of Design Transformers and Generators","image":null,"imageExternal":"https:\/\/vde.px.media\/plk\/DE\/31001010-008_Bilinski_Enrico.png","slug":"enrico-bilinski","portrait":"\u003Cp\u003EEnrico Bilinski absolvierte das Studium der Elektro- &amp; Energietechnik an der Hochschule Zittau mit den Schwerpunkten Hochspannungstechnik und elektrische Maschinen. Er arbeitet seit 2008 f&uuml;r das Unternehmen HIGHVOLT Pr&uuml;ftechnik in der Abteilung Hochspannungstechnik. Zu seinen Leistungen z&auml;hlen die Entwicklung innovativer Hochspannungs-Designs, die Implementierung neuer Werkstoffe und Isoliersysteme und die Leitung von Projekten zur Entwicklung von &ouml;l- und gasisolierten H&ouml;chstspannungsger&auml;ten. Seit 2019 &uuml;bernimmt er die Verantwortung als Teamleiter f&uuml;r das Design von Hochspannungstransformatoren, -systemen und deren Konstruktion. Au&szlig;erdem ist er Mitarbeiter im DKE Gremium 321.2 &bdquo;Transformatoren, Leistungen und Abmessungen&ldquo;.\u003C\/p\u003E","uid":439,"booth":null,"links":[{"Link-Adresse":"https:\/\/vde.px.media\/plk\/DE\/31001010-008_Bilinski_Enrico.png","Link_Beschreibung":"REFERENT:BILD"}]}]}}},{"id":317,"pid":84,"type":"structured_content","colPos":0,"categories":"","appearance":{"layout":"congress-up-to-date","frameClass":"container-lg","spaceBefore":"large","spaceAfter":"large","frameHide":""},"content":{"header":"","subheader":"","headerLayout":100,"headerPosition":"","headerLink":"","structure":{"layout":"onecol","grid":{"onecol":"0"},"rows":[{"columns":[{"config":{"name":"First column","colPos":"101"},"elements":[{"id":318,"pid":84,"type":"header","colPos":-1,"categories":"","appearance":{"layout":"default","frameClass":"default","spaceBefore":"","spaceAfter":"","frameHide":""},"content":{"header":"Up to date","subheader":"","headerLayout":2,"headerPosition":"","headerLink":""}},{"id":314,"pid":84,"type":"structured_content","colPos":-1,"categories":"","appearance":{"layout":"default","frameClass":"default","spaceBefore":"","spaceAfter":"","frameHide":""},"content":{"header":"","subheader":"","headerLayout":100,"headerPosition":"","headerLink":"","structure":{"layout":"twocol","grid":{"twocol":"0"},"rows":[{"columns":[{"config":{"name":"First column","colPos":"101"},"elements":[{"id":315,"pid":84,"type":"q3i_xfeed","colPos":-1,"categories":"","appearance":{"layout":"default","frameClass":"none","spaceBefore":"","spaceAfter":"","frameHide":""},"content":{"header":"X Feed","subheader":"","headerLayout":3,"headerPosition":"","headerLink":""}}]},{"config":{"name":"Second column","colPos":"102"},"elements":[{"id":386,"pid":84,"type":"news_pi1","colPos":-1,"categories":"","appearance":{"layout":"default","frameClass":"default","spaceBefore":"","spaceAfter":"","frameHide":""},"content":{"header":"News","subheader":"","headerLayout":3,"headerPosition":"","headerLink":"","data":{"pagination":{"first":"\/list?tx_news_pi1%5BcurrentPage%5D=1&cHash=ddbce8abf454d6d062d4530dc4f1202a","last":"\/list?tx_news_pi1%5BcurrentPage%5D=1&cHash=ddbce8abf454d6d062d4530dc4f1202a","prev":null,"next":null,"pages":[{"page":1,"link":"\/list?tx_news_pi1%5BcurrentPage%5D=1&cHash=ddbce8abf454d6d062d4530dc4f1202a","current":1}]},"list":[{"uid":1,"title":"Verschl\u00fcsselung made in Germany","teaser":"W\u00e4hrend Rechenzentren und Firmenzentralen in der Energiebranche h\u00e4ufig Hochsicherheitstresoren gleichen, lassen sich standort\u00fcbergreifende Verbindungen manipulieren","isTopNews":false,"crdate":"Dec 09 2024","tstamp":"Mar 13 2025","datetime":"28.02.2025 - 15:32","archive":null,"author":{"author":"","authorEmail":""},"media":[],"falRelatedFiles":[],"categories":[],"tags":[],"metaData":{"keywords":"","description":"","alternativeTitle":""},"slug":"\/news\/verschluesselung-made-in-germany","pathSegment":"verschluesselung-made-in-germany","moreLink":"Read more"},{"uid":2,"title":"Ich bin eine etwas l\u00e4ngere Headline","teaser":"Ich bin ein kleiner Anreissertext und kann auch zweizeilig werden","isTopNews":false,"crdate":"Dec 09 2024","tstamp":"Feb 28 2025","datetime":"21.02.2025 - 15:32","archive":null,"author":{"author":"","authorEmail":""},"media":[],"falRelatedFiles":[],"categories":[],"tags":[],"metaData":{"keywords":"","description":"","alternativeTitle":""},"slug":"\/news\/maecenas-eleifend-hendrerit-sem","pathSegment":"maecenas-eleifend-hendrerit-sem","moreLink":"Read more"},{"uid":3,"title":"Ich bin eine Headline und kann auch zweizeilig werden","teaser":"Ich bin ein kleiner Anreissertext","isTopNews":false,"crdate":"Dec 10 2024","tstamp":"Feb 28 2025","datetime":"10.02.2025 - 15:32","archive":null,"author":{"author":"","authorEmail":""},"media":[],"falRelatedFiles":[],"categories":[],"tags":[],"metaData":{"keywords":"","description":"","alternativeTitle":""},"slug":"\/news\/donec-pulvinar-nibh-a-dui-aliquam-eget-lacinia-enim-efficitur","pathSegment":"donec-pulvinar-nibh-a-dui-aliquam-eget-lacinia-enim-efficitur","moreLink":"Read more"},{"uid":4,"title":"Ich bin eine Headline","teaser":"Ich bin ein kleiner Anreissertext und kann auch zweizeilig werden","isTopNews":false,"crdate":"Jan 16 2025","tstamp":"Feb 28 2025","datetime":"02.02.2025 - 15:32","archive":null,"author":{"author":"","authorEmail":""},"media":[],"falRelatedFiles":[],"categories":[],"tags":[],"metaData":{"keywords":"","description":"","alternativeTitle":""},"slug":"\/news\/verschluesselung-made-in-germany-1","pathSegment":"verschluesselung-made-in-germany-1","moreLink":"Read more"}],"settings":{"orderBy":"datetime","orderDirection":"desc","templateLayout":"","action":"list","listPid":"\/der-kongress\/presse"}}}}]}]}]}}}]}]}]}}},{"id":319,"pid":84,"type":"q3ivdeevents_partners","colPos":0,"categories":"","appearance":{"layout":"has-background","frameClass":"default","spaceBefore":"","spaceAfter":"","frameHide":""},"content":{"header":"Aussteller & Sponsoren 2024","subheader":"","headerLayout":2,"headerPosition":"","headerLink":"","data":


{"view":"list","settings":{"frontendBase":"https:\/\/240001.stage2.essociation.de\/","apiBase":"https:\/\/api-240001.stage2.essociation.de\/","apiEndpoint":"https:\/\/api-240001.stage2.essociation.de\/api\/v1\/","pid":{"eventDetailView":"19","partyDetailView":"79","eventBookingForm":"45","eventAgendaView":"20","privacy":"16","termsOfUse":"14"},"auth":{"credentials":"{$plugin.tx_q3ivdeevents_events.settings.auth.credentials}"},"email":{"adminEmail":"admin@essociation.de","adminName":"TYPO3 Admin","fromEmail":"noreply@essociation.de","fromName":"stage.essociation.de","bccList":"fbecker@vde-verlag.de,sandt@vde-verlag.de,web@bosbach.de"},"eventContext":{"eventNumber":"240001"},"template":"slider","dataType":"partners","detailPid":""},"partners":[{"number":"31018180","contactType":"Unternehmen","name":"E.ON One GmbH","name2":"","name3":"","firstName":"","middleName":"","lastName":"","addressStreet":"Br\u00fcsseler Platz","addressHouseNo":"1","addressZip":"45131","addressCity":"Essen","addressCountry":[],"addressCountryName":"Deutschland","salutation":"OHNE","title":"","email":"","phone":"","fax":"","www":"","companyName":"E.ON One GmbH","companyPosition":"","image":null,"imageExternal":"","slug":"e.on-one-gmbh","portrait":"\u003Cp\u003EPremium Text\u003C\/p\u003E\u003Cp\u003ELorem ipsum dolor sit amet, consetetur sadipscing elitr, sed diam nonumy eirmod tempor invidunt ut labore et dolore magna aliquyam erat, sed diam voluptua. At vero eos et accusam et justo duo dolores et ea rebum. Stet clita kasd gubergren, no sea takimata sanctus est Lorem ipsum dolor sit amet. Lorem ipsum dolor sit amet, consetetur sadipscing elitr, sed diam nonumy eirmod tempor invidunt ut labore et dolore magna aliquyam erat, sed diam voluptua. At vero eos et accusam et justo duo dolores et ea rebum. Stet clita kasd gubergren, no sea takimata sanctus est Lorem ipsum dolor sit amet. \u003Ca href=\"https:\/\/essociation.de\"\u003EWeitere Informationen\u003C\/a\u003E\u003C\/p\u003E","uid":437,"booth":"","links":[{"Link-Adresse":"https:\/\/essociation.px.media\/plk\/E.ON_RGB.svg","Link_Beschreibung":"LOGO"},{"Link-Adresse":"https:\/\/www.eon.de\/","Link_Beschreibung":"WWW"},{"Link-Adresse":"https:\/\/www.facebook.com\/EonEnergieDe\/?locale=de_DE","Link_Beschreibung":"FACEBOOK"},{"Link-Adresse":"https:\/\/www.instagram.com\/eon_deutschland\/?hl=de","Link_Beschreibung":"INSTAGRAM"},{"Link-Adresse":"https:\/\/www.youtube.com\/user\/Eon","Link_Beschreibung":"YOUTUBE"},{"Link-Adresse":"https:\/\/www.linkedin.com\/company\/e-on\/?originalSubdomain=de","Link_Beschreibung":"LINKEDIN"},{"Link-Adresse":"https:\/\/www.youtube-nocookie.com\/watch?v=LIjzv6AVDeo","Link_Beschreibung":"VIDEO"}]},{"number":"31002307","contactType":"Unternehmen","name":"450connect GmbH","name2":"","name3":"","firstName":"","middleName":"","lastName":"","addressStreet":"Melli-Beese-Str.","addressHouseNo":"11","addressZip":"50829","addressCity":"K\u00f6ln","addressCountry":[],"addressCountryName":"Deutschland","salutation":"OHNE","title":"","email":"info@450connect.de","phone":"08009999994","fax":"","www":"","companyName":"450connect GmbH","companyPosition":"","image":null,"imageExternal":"","slug":"450connect-gmbh","portrait":"","uid":442,"booth":"","links":[{"Link-Adresse":"https:\/\/essociation.px.media\/plk\/Nd\/bbr.svg","Link_Beschreibung":"LOGO"},{"Link-Adresse":"https:\/\/www.450connect.de\/","Link_Beschreibung":"WWW"}]},{"number":"31014374","contactType":"Unternehmen","name":"4C Group AG","name2":"","name3":"","firstName":"","middleName":"","lastName":"","addressStreet":"Elsenheimerstr.","addressHouseNo":"55a","addressZip":"80687","addressCity":"M\u00fcnchen","addressCountry":[],"addressCountryName":"Deutschland","salutation":"OHNE","title":"","email":"","phone":"","fax":"","www":"","companyName":"4C Group AG","companyPosition":"","image":null,"imageExternal":"","slug":"4c-group-ag","portrait":"","uid":443,"booth":"","links":[{"Link-Adresse":"https:\/\/essociation.px.media\/plk\/Nd\/bbr.svg","Link_Beschreibung":"LOGO"},{"Link-Adresse":"https:\/\/www.4cgroup.com\/","Link_Beschreibung":"WWW"}]},{"number":"31003762","contactType":"Unternehmen","name":"5 Jahreszeiten GbR","name2":"","name3":"","firstName":"","middleName":"","lastName":"","addressStreet":"Reitgasse","addressHouseNo":"","addressZip":"35037","addressCity":"Marburg","addressCountry":[],"addressCountryName":"Deutschland","salutation":"OHNE","title":"","email":"","phone":"06421 8868988","fax":"","www":"","companyName":"5 Jahreszeiten GbR","companyPosition":"","image":null,"imageExternal":"","slug":"5-jahreszeiten-gbr","portrait":"","uid":444,"booth":"","links":[{"Link-Adresse":"https:\/\/essociation.px.media\/plk\/Nd\/bbr.svg","Link_Beschreibung":"LOGO"},{"Link-Adresse":"https:\/\/das5.de\/","Link_Beschreibung":"WWW"}]},{"number":"31001552","contactType":"Unternehmen","name":"50Hertz Transmission GmbH","name2":"","name3":"","firstName":"","middleName":"","lastName":"","addressStreet":"Heidestr.","addressHouseNo":"2","addressZip":"10557","addressCity":"Berlin","addressCountry":[],"addressCountryName":"Deutschland","salutation":"OHNE","title":"","email":"invoice@50hertz.com","phone":"+49 - 30 - 5150 0","fax":"","www":"","companyName":"50Hertz Transmission GmbH","companyPosition":"","image":null,"imageExternal":"","slug":"50hertz-transmission-gmbh","portrait":"","uid":445,"booth":"","links":[{"Link-Adresse":"https:\/\/essociation.px.media\/plk\/Nd\/bbr.svg","Link_Beschreibung":"LOGO"},{"Link-Adresse":"https:\/\/www.50hertz.com\/de\/Unternehmen","Link_Beschreibung":"WWW"}]},{"number":"31012614","contactType":"Unternehmen","name":"8KU GmbH","name2":"","name3":"","firstName":"","middleName":"","lastName":"","addressStreet":"Schumannstr.","addressHouseNo":"2","addressZip":"10117","addressCity":"Berlin","addressCountry":[],"addressCountryName":"Deutschland","salutation":"OHNE","title":"","email":"","phone":"","fax":"","www":"","companyName":"8KU GmbH","companyPosition":"","image":null,"imageExternal":"","slug":"8ku-gmbh","portrait":"","uid":446,"booth":"","links":[{"Link-Adresse":"https:\/\/essociation.px.media\/plk\/Nd\/bbr.svg","Link_Beschreibung":"LOGO"},{"Link-Adresse":"https:\/\/www.8ku.de\/","Link_Beschreibung":"WWW"}]}],"sendEmailAction":"https:\/\/240001.stage2.essociation.de\/?tx_q3ivdeevents_partners%5Baction%5D=sendEmail&tx_q3ivdeevents_partners%5Bcontroller%5D=Partners&cHash=5cd673c9bf2c7627ff09a87aee7f5c2f"}}},{"id":320,"pid":84,"type":"structured_content","colPos":0,"categories":"","appearance":{"layout":"cta-teaser","frameClass":"container-lg","spaceBefore":"","spaceAfter":"","frameHide":""},"content":{"header":"","subheader":"","headerLayout":100,"headerPosition":"","headerLink":"","structure":{"layout":"onecol","grid":{"onecol":"0"},"rows":[{"columns":[{"config":{"name":"First column","colPos":"101"},"elements":[{"id":321,"pid":84,"type":"text","colPos":-1,"categories":"","appearance":{"layout":"default","frameClass":"default","spaceBefore":"","spaceAfter":"","frameHide":""},"content":{"header":"Jetzt Partner des Kongress Schutz und Leittechnik werden und gemeinsam mehr erreichen!","subheader":"","headerLayout":100,"headerPosition":"","headerLink":"","bodytext":"<h3>Jetzt Partner des Kongress Schutz und Leittechnik werden und gemeinsam mehr erreichen!<\/h3>\n<p><a href=\"\/der-kongress\/medienpartner-werden\" class=\"btn btn btn-primary-inverted\">Zur Partnerseite<\/a><\/p>"}}]}]}]}}},{"id":303,"pid":84,"type":"structured_content","colPos":0,"categories":"","appearance":{"layout":"lightbox-photoswipe-container","frameClass":"container-lg","spaceBefore":"medium","spaceAfter":"","frameHide":""},"content":{"header":"","subheader":"","headerLayout":100,"headerPosition":"","headerLink":"","structure":{"layout":"onecol","grid":{"onecol":"0"},"rows":[{"columns":[{"config":{"name":"First column","colPos":"101"},"elements":[{"id":304,"pid":84,"type":"text","colPos":-1,"categories":"","appearance":{"layout":"default","frameClass":"default","spaceBefore":"medium","spaceAfter":"","frameHide":""},"content":{"header":"Impressionen aus den letzen Jahren","subheader":"","headerLayout":3,"headerPosition":"","headerLink":"","bodytext":""}},{"id":302,"pid":84,"type":"q3i_lightbox","colPos":-1,"categories":"","appearance":{"layout":"lightbox-photoswipe-show-all","frameClass":"none","spaceBefore":"","spaceAfter":"","frameHide":""},"content":{"header":"","subheader":"","headerLayout":100,"headerPosition":"","headerLink":"","items":[{"uid":"1","pid":"84","image":[{"publicUrl":"https:\/\/api-240001.stage2.essociation.de\/fileadmin\/_frontend\/images\/keyvisual\/keyvisual_1.jpg","properties":{"title":null,"alternative":null,"description":null,"mimeType":"image\/jpeg","type":"image","target":null,"filename":"keyvisual_1.jpg","originalUrl":"fileadmin\/_frontend\/images\/keyvisual\/keyvisual_1.jpg","uidLocal":204,"fileReferenceUid":265,"size":"120 KB","link":null,"dimensions":{"width":1680,"height":1100},"cropDimensions":{"width":1680,"height":1100},"crop":{"default":{"cropArea":{"x":0,"y":0,"width":1,"height":1},"selectedRatio":"NaN","focusArea":null}},"poster":0,"extension":"jpg","loadingLazy":1}}]},{"uid":"2","pid":"84","image":[{"publicUrl":"https:\/\/api-240001.stage2.essociation.de\/fileadmin\/_frontend\/images\/keyvisual\/keyvisual_2.jpg","properties":{"title":null,"alternative":null,"description":null,"mimeType":"image\/jpeg","type":"image","target":null,"filename":"keyvisual_2.jpg","originalUrl":"fileadmin\/_frontend\/images\/keyvisual\/keyvisual_2.jpg","uidLocal":205,"fileReferenceUid":266,"size":"155 KB","link":null,"dimensions":{"width":1680,"height":1100},"cropDimensions":{"width":1680,"height":1100},"crop":{"default":{"cropArea":{"x":0,"y":0,"width":1,"height":1},"selectedRatio":"NaN","focusArea":null}},"poster":0,"extension":"jpg","loadingLazy":1}}]},{"uid":"3","pid":"84","image":[{"publicUrl":"https:\/\/api-240001.stage2.essociation.de\/fileadmin\/_frontend\/images\/keyvisual\/keyvisual_3.jpg","properties":{"title":null,"alternative":null,"description":null,"mimeType":"image\/jpeg","type":"image","target":null,"filename":"keyvisual_3.jpg","originalUrl":"fileadmin\/_frontend\/images\/keyvisual\/keyvisual_3.jpg","uidLocal":206,"fileReferenceUid":267,"size":"116 KB","link":null,"dimensions":{"width":1680,"height":1100},"cropDimensions":{"width":1680,"height":1100},"crop":{"default":{"cropArea":{"x":0,"y":0,"width":1,"height":1},"selectedRatio":"NaN","focusArea":null}},"poster":0,"extension":"jpg","loadingLazy":1}}]},{"uid":"4","pid":"84","image":[{"publicUrl":"https:\/\/api-240001.stage2.essociation.de\/fileadmin\/_frontend\/images\/keyvisual\/keyvisual_4.jpg","properties":{"title":null,"alternative":null,"description":null,"mimeType":"image\/jpeg","type":"image","target":null,"filename":"keyvisual_4.jpg","originalUrl":"fileadmin\/_frontend\/images\/keyvisual\/keyvisual_4.jpg","uidLocal":207,"fileReferenceUid":268,"size":"109 KB","link":null,"dimensions":{"width":1680,"height":1100},"cropDimensions":{"width":1680,"height":1100},"crop":{"default":{"cropArea":{"x":0,"y":0,"width":1,"height":1},"selectedRatio":"NaN","focusArea":null}},"poster":0,"extension":"jpg","loadingLazy":1}}]},{"uid":"5","pid":"84","image":[{"publicUrl":"https:\/\/api-240001.stage2.essociation.de\/fileadmin\/_frontend\/images\/keyvisual\/keyvisual_5.jpg","properties":{"title":null,"alternative":null,"description":null,"mimeType":"image\/jpeg","type":"image","target":null,"filename":"keyvisual_5.jpg","originalUrl":"fileadmin\/_frontend\/images\/keyvisual\/keyvisual_5.jpg","uidLocal":208,"fileReferenceUid":269,"size":"128 KB","link":null,"dimensions":{"width":1680,"height":1100},"cropDimensions":{"width":1680,"height":1100},"crop":{"default":{"cropArea":{"x":0,"y":0,"width":1,"height":1},"selectedRatio":"NaN","focusArea":null}},"poster":0,"extension":"jpg","loadingLazy":1}}]},{"uid":"6","pid":"84","image":[{"publicUrl":"https:\/\/api-240001.stage2.essociation.de\/fileadmin\/_frontend\/images\/keyvisual\/keyvisual_6.jpg","properties":{"title":null,"alternative":null,"description":null,"mimeType":"image\/jpeg","type":"image","target":null,"filename":"keyvisual_6.jpg","originalUrl":"fileadmin\/_frontend\/images\/keyvisual\/keyvisual_6.jpg","uidLocal":209,"fileReferenceUid":270,"size":"105 KB","link":null,"dimensions":{"width":1680,"height":1100},"cropDimensions":{"width":1680,"height":1100},"crop":{"default":{"cropArea":{"x":0,"y":0,"width":1,"height":1},"selectedRatio":"NaN","focusArea":null}},"poster":0,"extension":"jpg","loadingLazy":1}}]},{"uid":"7","pid":"84","image":[{"publicUrl":"https:\/\/api-240001.stage2.essociation.de\/fileadmin\/_frontend\/images\/keyvisual\/keyvisual_7.jpg","properties":{"title":null,"alternative":null,"description":null,"mimeType":"image\/jpeg","type":"image","target":null,"filename":"keyvisual_7.jpg","originalUrl":"fileadmin\/_frontend\/images\/keyvisual\/keyvisual_7.jpg","uidLocal":210,"fileReferenceUid":271,"size":"128 KB","link":null,"dimensions":{"width":1680,"height":1100},"cropDimensions":{"width":1680,"height":1100},"crop":{"default":{"cropArea":{"x":0,"y":0,"width":1,"height":1},"selectedRatio":"NaN","focusArea":null}},"poster":0,"extension":"jpg","loadingLazy":1}}]},{"uid":"8","pid":"84","image":[{"publicUrl":"https:\/\/api-240001.stage2.essociation.de\/fileadmin\/_frontend\/images\/keyvisual\/keyvisual_8.jpg","properties":{"title":null,"alternative":null,"description":null,"mimeType":"image\/jpeg","type":"image","target":null,"filename":"keyvisual_8.jpg","originalUrl":"fileadmin\/_frontend\/images\/keyvisual\/keyvisual_8.jpg","uidLocal":211,"fileReferenceUid":272,"size":"176 KB","link":null,"dimensions":{"width":1680,"height":1100},"cropDimensions":{"width":1680,"height":1100},"crop":{"default":{"cropArea":{"x":0,"y":0,"width":1,"height":1},"selectedRatio":"NaN","focusArea":null}},"poster":0,"extension":"jpg","loadingLazy":1}}]},{"uid":"9","pid":"84","image":[{"publicUrl":"https:\/\/api-240001.stage2.essociation.de\/fileadmin\/_frontend\/images\/keyvisual\/keyvisual_9.jpg","properties":{"title":null,"alternative":null,"description":null,"mimeType":"image\/jpeg","type":"image","target":null,"filename":"keyvisual_9.jpg","originalUrl":"fileadmin\/_frontend\/images\/keyvisual\/keyvisual_9.jpg","uidLocal":212,"fileReferenceUid":273,"size":"104 KB","link":null,"dimensions":{"width":1680,"height":1100},"cropDimensions":{"width":1680,"height":1100},"crop":{"default":{"cropArea":{"x":0,"y":0,"width":1,"height":1},"selectedRatio":"NaN","focusArea":null}},"poster":0,"extension":"jpg","loadingLazy":1}}]},{"uid":"10","pid":"84","image":[{"publicUrl":"https:\/\/api-240001.stage2.essociation.de\/fileadmin\/_frontend\/images\/keyvisual\/keyvisual_10.jpg","properties":{"title":null,"alternative":null,"description":null,"mimeType":"image\/jpeg","type":"image","target":null,"filename":"keyvisual_10.jpg","originalUrl":"fileadmin\/_frontend\/images\/keyvisual\/keyvisual_10.jpg","uidLocal":213,"fileReferenceUid":274,"size":"125 KB","link":null,"dimensions":{"width":1680,"height":1100},"cropDimensions":{"width":1680,"height":1100},"crop":{"default":{"cropArea":{"x":0,"y":0,"width":1,"height":1},"selectedRatio":"NaN","focusArea":null}},"poster":0,"extension":"jpg","loadingLazy":1}}]},{"uid":"11","pid":"84","image":[{"publicUrl":"https:\/\/api-240001.stage2.essociation.de\/fileadmin\/_frontend\/images\/keyvisual\/keyvisual_11.jpg","properties":{"title":null,"alternative":null,"description":null,"mimeType":"image\/jpeg","type":"image","target":null,"filename":"keyvisual_11.jpg","originalUrl":"fileadmin\/_frontend\/images\/keyvisual\/keyvisual_11.jpg","uidLocal":214,"fileReferenceUid":275,"size":"127 KB","link":null,"dimensions":{"width":1680,"height":1100},"cropDimensions":{"width":1680,"height":1100},"crop":{"default":{"cropArea":{"x":0,"y":0,"width":1,"height":1},"selectedRatio":"NaN","focusArea":null}},"poster":0,"extension":"jpg","loadingLazy":1}}]},{"uid":"12","pid":"84","image":[{"publicUrl":"https:\/\/api-240001.stage2.essociation.de\/fileadmin\/_frontend\/images\/keyvisual\/keyvisual_12.jpg","properties":{"title":null,"alternative":null,"description":null,"mimeType":"image\/jpeg","type":"image","target":null,"filename":"keyvisual_12.jpg","originalUrl":"fileadmin\/_frontend\/images\/keyvisual\/keyvisual_12.jpg","uidLocal":215,"fileReferenceUid":276,"size":"106 KB","link":null,"dimensions":{"width":1680,"height":1100},"cropDimensions":{"width":1680,"height":1100},"crop":{"default":{"cropArea":{"x":0,"y":0,"width":1,"height":1},"selectedRatio":"NaN","focusArea":null}},"poster":0,"extension":"jpg","loadingLazy":1}}]}]}}]}]}]}}},{"id":324,"pid":84,"type":"q3i_button","colPos":0,"categories":"","appearance":{"layout":"show-all-events","frameClass":"container-lg","spaceBefore":"","spaceAfter":"extra-large","frameHide":""},"content":{"header":"Alle anzeigen","subheader":"","headerLayout":0,"headerPosition":"","headerLink":"","button_link":{"type":"page","url":"\/","target":"","title":"","class":"","link":"t3:\/\/page?uid=84","aTagParams":""},"button_text":"Alle anzeigen","button_layout":"secondary"}}],"13":{"id":298,"pid":84,"type":"text","colPos":-1,"categories":"","appearance":{"layout":"text","frameClass":"none","spaceBefore":"","spaceAfter":"","frameHide":""},"content":{"header":"","subheader":"","headerLayout":100,"headerPosition":"","headerLink":"","bodytext":"<h2>Ich bin eine H2-\u00dcberschrift<\/h2>\n<p>Am 05. und 06. M\u00e4rz 2024 treffen sich nationale und internationale Expert*innen auf dem 13. VDE ETG\/FNN-Tutorial Schutz- und Leittechnik in Leipzig. Alle Anwesenden eint ein Ziel: den Netzbetrieb mit innovativer Schutz- und Leittechnik cybersicher, effizient und zukunftssicher zu gestalten. Der Ticketshop steht jetzt f\u00fcr Sie bereit.<\/p>"}},"colPos1":[{"id":296,"pid":84,"type":"textpic","colPos":1,"categories":"","appearance":{"layout":"textpic-header-fullwidth-congress-home","frameClass":"default","spaceBefore":"","spaceAfter":"","frameHide":""},"content":{"header":"Schutz- und Leittechnik 2026","subheader":"","headerLayout":100,"headerPosition":"","headerLink":"","enlargeImageOnClick":false,"bodytext":"<h1>Schutz- und Leittechnik 2026<\/h1>\n<p><strong>01.03.-05.03.2026 I Frankfurt am Main<\/strong><\/p>\n<p><a href=\"\/tickets\" class=\"btn btn-primary-inverted\">Tickets<\/a>&nbsp;&nbsp;<a href=\"\/programm\" class=\"btn btn-transparent\">Programm<\/a><\/p>","gallery":{"position":{"horizontal":"center","vertical":"above","noWrap":false},"width":1920,"count":{"files":1,"columns":1,"rows":1},"columnSpacing":10,"border":{"enabled":false,"width":2,"padding":0},"rows":{"1":{"columns":{"1":{"publicUrl":"https:\/\/api-240001.stage2.essociation.de\/fileadmin\/_processed_\/7\/9\/csm_congress-header-1_8e10367159.jpg","properties":{"title":null,"alternative":null,"description":null,"mimeType":"image\/jpeg","type":"image","target":null,"filename":"csm_congress-header-1_8e10367159.jpg","originalUrl":"fileadmin\/_frontend\/images\/header\/congress-header-1.jpg","uidLocal":172,"fileReferenceUid":261,"size":"142 KB","link":null,"dimensions":{"width":1920,"height":1066},"cropDimensions":{"width":1920,"height":1066},"crop":{"default":{"cropArea":{"x":0,"y":0,"width":1,"height":1},"selectedRatio":"NaN","focusArea":null}},"poster":0,"extension":"jpg","loadingLazy":1}}}}}}}},{"id":392,"pid":84,"type":"q3i_date_counter","colPos":1,"categories":"","appearance":{"layout":"default","frameClass":"default","spaceBefore":"","spaceAfter":"","frameHide":""},"content":{"header":"","subheader":"","headerLayout":0,"headerPosition":"","headerLink":"","data":{"date":"1743458400"}}}]},"languages":[{"languageId":0,"locale":"de_DE.UTF-8","title":"Deutsch","navigationTitle":"Deutsch","twoLetterIsoCode":"de","hreflang":"de-DE","direction":"ltr","flag":"flags-de","link":"\/","active":1,"current":0,"available":1}]}